{"id":7,"date":"2017-04-25T21:50:32","date_gmt":"2017-04-26T03:50:32","guid":{"rendered":"http:\/\/tdh.bianchi-herl.com.ar\/?page_id=7"},"modified":"2025-12-22T08:53:13","modified_gmt":"2025-12-22T14:53:13","slug":"inicio","status":"publish","type":"page","link":"https:\/\/www.tiempodehacer.org\/?page_id=7","title":{"rendered":"El Proyecto"},"content":{"rendered":"\n<div class=\"wp-block-buttons is-content-justification-center is-layout-flex wp-container-core-buttons-is-layout-16018d1d wp-block-buttons-is-layout-flex\">\n<div class=\"wp-block-button\"><a class=\"wp-block-button__link wp-element-button\" href=\"https:\/\/www.tiempodehacer.org\/?page_id=8\"><mark style=\"background-color:rgba(0, 0, 0, 0)\" class=\"has-inline-color has-luminous-vivid-amber-color\"><strong>Qui\u00e9nes somos?<\/strong><\/mark><\/a><\/div>\n\n\n\n<div class=\"wp-block-button\"><a class=\"wp-block-button__link wp-element-button\" href=\"https:\/\/www.tiempodehacer.org\/?page_id=111\"><mark style=\"background-color:rgba(0, 0, 0, 0)\" class=\"has-inline-color has-luminous-vivid-amber-color\"><strong>Qu\u00e9 hacemos?<\/strong><\/mark><\/a><\/div>\n<\/div>\n\n\n\n<h6>\u00a0<\/h6>\n<h6 class=\"font_6\"><span style=\"font-size: 20px; font-family: verdana, geneva, sans-serif;\">Salud y Nutrici\u00f3n\u200b<\/span><\/h6>\n<p class=\"font_8\"><span style=\"font-family: verdana, geneva, sans-serif;\">Los primeros a\u00f1os de la vida constituyen la fase m\u00e1s cr\u00edtica en el proceso de crecimiento del cerebro humano.<\/span><\/p>\n<p class=\"font_8\"><span style=\"font-family: verdana, geneva, sans-serif;\">Podemos intervenir positivamente: a nivel\u00a0nutricional;\u00a0a nivel\u00a0familiar, fortaleciendo v\u00ednculos y lazos; y\u00a0a nivel del\u00a0desarrollo, estimulando al ni\u00f1o a nivel psico-afectivo y motor.<\/span><\/p>\n<h6 class=\"font_6\"><span style=\"font-size: 20px; font-family: verdana, geneva, sans-serif;\">\u00c1rea Social\u200b<\/span><\/h6>\n<p class=\"font_8\"><span style=\"font-family: verdana, geneva, sans-serif;\">Se realiza un relevamiento de la situaci\u00f3n de las familias que forman parte del programa.<\/span><\/p>\n<p class=\"font_8\"><span style=\"font-family: verdana, geneva, sans-serif;\"><span class=\"wixGuard\">\u200b<\/span>Esto permite realizar un abordaje integral de la problem\u00e1tica.<\/span><\/p>\n<div id=\"WRchTxtl\" class=\"s1\" data-reactid=\".0.$SITE_ROOT.$desktop_siteRoot.$PAGES_CONTAINER.1.1.$SITE_PAGES.$c21kz.1.$Cntnrc.1.$WRchTxtl\">\n<h6 class=\"font_6\"><span style=\"font-size: 20px; font-family: verdana, geneva, sans-serif;\">Desarrollo Infantil<\/span><\/h6>\n<p class=\"font_8\"><span style=\"font-family: verdana, geneva, sans-serif;\"><span class=\"color_15\"><span class=\"wixGuard\">\u200b<\/span>\u200b<\/span>El equipo de profesionales realiza la evaluaci\u00f3n del desarrollo madurativo de cada uno de los ni\u00f1os que forman parte del programa y define su tratamiento.<\/span><\/p>\n<\/div>\n<div id=\"WRchTxtm\" class=\"s1\" data-reactid=\".0.$SITE_ROOT.$desktop_siteRoot.$PAGES_CONTAINER.1.1.$SITE_PAGES.$c21kz.1.$Cntnrc.1.$WRchTxtm\">\n<h6 class=\"font_6\"><span style=\"font-size: 20px; font-family: verdana, geneva, sans-serif;\">Educaci\u00f3n y Promoci\u00f3n Humana<\/span><\/h6>\n<p class=\"font_8\"><span style=\"font-family: verdana, geneva, sans-serif;\">Todos los programas que se desarrollan en el Centro est\u00e1n dirigidos a realizar acompa\u00f1amiento del grupo familiar a trav\u00e9s de la\u00a0asistencia\u00a0y\u00a0educaci\u00f3n. Se pretende fortalecer\u00a0factores protectores y minimizar o erradicar los factores de riesgo que se visualizan en el grupo familiar del ni\u00f1o.<\/span><\/p>\n<\/div>\n<h6 class=\"font_6\"><span style=\"font-size: 20px; font-family: verdana, geneva, sans-serif;\">Asistencia Alimentaria Complementaria<\/span><\/h6>\n<p class=\"font_8\"><span style=\"font-family: verdana, geneva, sans-serif;\"><span class=\"color_15\"><span class=\"wixGuard\">\u200b<\/span>\u200b<\/span>Semanalmente cuando la madre junto a sus ni\u00f1os asisten al Centro, recibe un bols\u00f3n de alimentos, que corresponde al Programa de Asistencia Alimentaria Complementaria para poder elaborar en su casa las preparaciones acordes a las indicaciones nutricionales.<\/span><\/p>\n<h6 class=\"font_6\"><span style=\"font-size: 20px; font-family: verdana, geneva, sans-serif;\">Algunos videos<\/span><\/h6>\n<p><iframe loading=\"lazy\" src=\"https:\/\/www.youtube.com\/embed\/5klIIi4UDw8\" width=\"560\" height=\"315\" frameborder=\"0\" allowfullscreen=\"allowfullscreen\"><\/iframe><\/p>\n<div style=\"width: 352px;\" class=\"wp-video\"><video class=\"wp-video-shortcode\" id=\"video-7-1\" width=\"352\" height=\"288\" preload=\"metadata\" controls=\"controls\"><source type=\"video\/mp4\" src=\"http:\/\/www.tiempodehacer.org\/wp-content\/uploads\/Institucional-Conin.mp4?_=1\" \/><a href=\"http:\/\/www.tiempodehacer.org\/wp-content\/uploads\/Institucional-Conin.mp4\">http:\/\/www.tiempodehacer.org\/wp-content\/uploads\/Institucional-Conin.mp4<\/a><\/video><\/div>\n<div style=\"width: 352px;\" class=\"wp-video\"><video class=\"wp-video-shortcode\" id=\"video-7-2\" width=\"352\" height=\"288\" preload=\"metadata\" controls=\"controls\"><source type=\"video\/mp4\" src=\"http:\/\/www.tiempodehacer.org\/wp-content\/uploads\/Porque-Conin.mp4?_=2\" \/><a href=\"http:\/\/www.tiempodehacer.org\/wp-content\/uploads\/Porque-Conin.mp4\">http:\/\/www.tiempodehacer.org\/wp-content\/uploads\/Porque-Conin.mp4<\/a><\/video><\/div>\n<div style=\"width: 770px;\" class=\"wp-video\"><video class=\"wp-video-shortcode\" id=\"video-7-3\" width=\"770\" height=\"433\" preload=\"metadata\" controls=\"controls\"><source type=\"video\/mp4\" src=\"http:\/\/www.tiempodehacer.org\/wp-content\/uploads\/Mi-pel\u00edculaCONIN.mp4?_=3\" \/><a href=\"http:\/\/www.tiempodehacer.org\/wp-content\/uploads\/Mi-pel\u00edculaCONIN.mp4\">http:\/\/www.tiempodehacer.org\/wp-content\/uploads\/Mi-pel\u00edculaCONIN.mp4<\/a><\/video><\/div>","protected":false},"excerpt":{"rendered":"<p>\u00a0 Salud y Nutrici\u00f3n\u200b Los primeros a\u00f1os de la vida constituyen la fase m\u00e1s cr\u00edtica en el proceso de crecimiento del cerebro humano. Podemos intervenir positivamente: a nivel\u00a0nutricional;\u00a0a nivel\u00a0familiar, fortaleciendo v\u00ednculos y lazos; y\u00a0a nivel del\u00a0desarrollo, estimulando al ni\u00f1o a nivel psico-afectivo y motor. \u00c1rea Social\u200b Se realiza un relevamiento de la situaci\u00f3n de las &hellip; <\/p>\n","protected":false},"author":1,"featured_media":2149,"parent":0,"menu_order":20,"comment_status":"closed","ping_status":"closed","template":"","meta":{"footnotes":""},"class_list":["post-7","page","type-page","status-publish","has-post-thumbnail","hentry"],"_links":{"self":[{"href":"https:\/\/www.tiempodehacer.org\/index.php?rest_route=\/wp\/v2\/pages\/7","targetHints":{"allow":["GET"]}}],"collection":[{"href":"https:\/\/www.tiempodehacer.org\/index.php?rest_route=\/wp\/v2\/pages"}],"about":[{"href":"https:\/\/www.tiempodehacer.org\/index.php?rest_route=\/wp\/v2\/types\/page"}],"author":[{"embeddable":true,"href":"https:\/\/www.tiempodehacer.org\/index.php?rest_route=\/wp\/v2\/users\/1"}],"replies":[{"embeddable":true,"href":"https:\/\/www.tiempodehacer.org\/index.php?rest_route=%2Fwp%2Fv2%2Fcomments&post=7"}],"version-history":[{"count":13,"href":"https:\/\/www.tiempodehacer.org\/index.php?rest_route=\/wp\/v2\/pages\/7\/revisions"}],"predecessor-version":[{"id":3592,"href":"https:\/\/www.tiempodehacer.org\/index.php?rest_route=\/wp\/v2\/pages\/7\/revisions\/3592"}],"wp:featuredmedia":[{"embeddable":true,"href":"https:\/\/www.tiempodehacer.org\/index.php?rest_route=\/wp\/v2\/media\/2149"}],"wp:attachment":[{"href":"https:\/\/www.tiempodehacer.org\/index.php?rest_route=%2Fwp%2Fv2%2Fmedia&parent=7"}],"curies":[{"name":"wp","href":"https:\/\/api.w.org\/{rel}","templated":true}]}}